{"id":403,"date":"2021-08-27T16:07:49","date_gmt":"2021-08-27T16:07:49","guid":{"rendered":"https:\/\/www.noc-nietoperzy.pl\/?page_id=403"},"modified":"2021-10-03T19:07:18","modified_gmt":"2021-10-03T19:07:18","slug":"xviii-podkarpacka-noc-nietoperzy","status":"publish","type":"page","link":"https:\/\/www.noc-nietoperzy.pl\/?page_id=403","title":{"rendered":"XVIII Podkarpacka Noc Nietoperzy"},"content":{"rendered":"\n<figure class=\"wp-block-embed is-type-wp-embed is-provider-podkarpacka-noc-nietoperzy wp-block-embed-podkarpacka-noc-nietoperzy\"><div class=\"wp-block-embed__wrapper\">\n<blockquote class=\"wp-embedded-content\" data-secret=\"OexUAsEMoc\"><a href=\"https:\/\/www.noc-nietoperzy.pl\/?p=457\">XVIII Podkarpacka Noc Nietoperzy<\/a><\/blockquote><iframe loading=\"lazy\" class=\"wp-embedded-content\" sandbox=\"allow-scripts\" security=\"restricted\" style=\"position: absolute; clip: rect(1px, 1px, 1px, 1px);\" title=\"&#8222;XVIII Podkarpacka Noc Nietoperzy&#8221; &#8212; Podkarpacka Noc Nietoperzy\" src=\"https:\/\/www.noc-nietoperzy.pl\/?p=457&#038;embed=true#?secret=OexUAsEMoc\" data-secret=\"OexUAsEMoc\" width=\"600\" height=\"338\" frameborder=\"0\" marginwidth=\"0\" marginheight=\"0\" scrolling=\"no\"><\/iframe>\n<\/div><\/figure>\n\n\n\n<p>XVIII Podkarpacka Noc Nietoperzy odb\u0119dzie si\u0119 1 pa\u017adziernika 2021 r. i organizowana jest tradycyjnie przez szereg instytucji w tym, przez Podkarpacki Oddzia\u0142 Stowarzyszenia Wsp\u00f3\u0142pracy Polska \u2013 Wsch\u00f3d, Regionaln\u0105 Dyrekcj\u0119 Las\u00f3w Pa\u0144stwowych w Kro\u015bnie, Nadle\u015bnictwo Ko\u0142aczyce, Gmin\u0119 Korczyna, Zesp\u00f3\u0142 Karpackich Park\u00f3w Krajobrazowych w Kro\u015bnie, GOK w Korczynie, Centrum Informacji Chiropterologicznej ISEZ PAN w Krakowie.<\/p>\n\n\n\n<p>XVIII Noc Nietoperzy rozpocznie si\u0119 Mi\u0119dzynarodowym Sympozjum Naukowym pt. \u201e<strong>Znaczenie ko\u015bcio\u0142\u00f3w i innych budynk\u00f3w sakralnych oraz opuszczonych obiekt\u00f3w militarnych i g\u00f3rniczych w ochronie zwierz\u0105t.\u201d<\/strong><\/p>\n\n\n\n<p>SAAP 2021 jest naukow\u0105 cz\u0119\u015bci\u0105 Akcji Informacyjno-Edukacyjnej w wojew\u00f3dztwie podkarpackim ramach \u201eXVIII Nocy Nietoperzy 2021\u201d pt. \u201e<em>Podkarpackie nietoperze\u201d<\/em>&nbsp;w Czarnorzekach na terenie Czarnorzecko-Strzy\u017cowskiego Parku Krajobrazowego (gmina Korczyna).<\/p>\n\n\n\n<p>Podczas XVIII Nocy Nietoperzy odb\u0119dzie si\u0119 tak\u017ce roztozygni\u0119cie konkursu plastycznego do udzia\u0142u w kt\u00f3rym zapraszamy uczni\u00f3w szk\u00f3\u0142 podstawowych. &nbsp;<\/p>\n\n\n\n<p>Konkurs jest skierowany do dzieci i m\u0142odzie\u017cy z wojew\u00f3dztwa podkarpackiego. W konkursie mog\u0105 bra\u0107 udzia\u0142 dzieci szk\u00f3\u0142 podstawowych w kategoriach:<\/p>\n\n\n\n<p>\u2013 kl. 1-3 szk\u00f3\u0142 podstawowych<\/p>\n\n\n\n<p>\u2013 kl. 4-6 szk\u00f3\u0142 podstawowych<\/p>\n\n\n\n<p>\u2013 kl. 7-8 szk\u00f3\u0142 podstawowych<\/p>\n\n\n\n<p>Dla bior\u0105cych udzia\u0142 w konkursie dzieci wymagana jest zgoda i podpis rodzic\u00f3w albo opiekun\u00f3w, kt\u00f3ry nale\u017cy z\u0142o\u017cy\u0107 na karcie zg\u0142oszenia (za\u0142. numer 1) oraz o\u015bwiadczenie (za\u0142. Numer 2)&nbsp;<\/p>\n\n\n\n<p>Prace konkursowe wraz z kart\u0105 zg\u0142oszeniow\u0105 nale\u017cy sk\u0142ada\u0107 do 28&nbsp;<strong><em>wrze\u015bnia 2021 r. do godziny 12.00&nbsp;<\/em><\/strong>w siedzibie SWP-W w Kro\u015bnie przy ulicy Bieszczadzkiej 1 lub w Gminnym O\u015brodku Kultury w Korczynie. Prace mo\u017cna tak\u017ce mo\u017cna tak\u017ce przesy\u0142a\u0107 poczt\u0105 na adres: Podkarpacki Oddzia\u0142 Wojew\u00f3dzki Stowarzyszenia Wsp\u00f3\u0142pracy POLSKA-WSCH\u00d3D ulica Bieszczadzka 1, 38-400 Krosno, Prace dostarczone po terminie nie b\u0119d\u0105 bra\u0142y udzia\u0142u w konkursie.<\/p>\n\n\n\n<p>Rozstrzygni\u0119cie konkursu i ocena prac nast\u0105pi w dniu 29 wrze\u015bnia 2021 roku.<\/p>\n\n\n\n<p>Nagrodzone prace b\u0119d\u0105 prezentowane na wystawie pokonkursowej w dniu 1 pa\u017adziernika 2021 podczas trwania&nbsp;<em>XXII Nocy Nietoperzy<\/em>.<\/p>\n\n\n\n<p>Rozdanie nagr\u00f3d zwyci\u0119zcom konkursu nast\u0105pi podczas Podkarpackiej Nocy Nietoperzy w Czarnorzekach w dniu 1 pa\u017adziernika 2021 zgodnie z programem imprezy. &nbsp; &nbsp; &nbsp; &nbsp; &nbsp; &nbsp; &nbsp; &nbsp; &nbsp; &nbsp; &nbsp; &nbsp; &nbsp; &nbsp;<\/p>\n\n\n\n<p>Poni\u017cej do pobrania regulamin konkursu wraz za\u0142\u0105cznikami niezb\u0119dnymi do wzi\u0119cia w nim udzia\u0142u.<\/p>\n\n\n\n<div class=\"wp-block-file\"><a href=\"https:\/\/www.noc-nietoperzy.pl\/?attachment_id=404\">Karta zg\u0142oszenia konkurs &#8211; 2021 i RODO zalacznik 1<\/a><a href=\"https:\/\/www.noc-nietoperzy.pl\/wp-content\/uploads\/2021\/08\/Karta-zgloszenia-konkurs-2021-i-RODO-zalacznik-1.pdf\" class=\"wp-block-file__button\" download>Pobierz<\/a><\/div>\n\n\n\n<div class=\"wp-block-file\"><a href=\"https:\/\/www.noc-nietoperzy.pl\/wp-content\/uploads\/2021\/08\/Regulamin-konkursu-2021.pdf\">Regulamin konkursu 2021<\/a><a href=\"https:\/\/www.noc-nietoperzy.pl\/wp-content\/uploads\/2021\/08\/Regulamin-konkursu-2021.pdf\" class=\"wp-block-file__button\" download>Pobierz<\/a><\/div>\n\n\n\n<div class=\"wp-block-file\"><a href=\"https:\/\/www.noc-nietoperzy.pl\/wp-content\/uploads\/2021\/08\/Os\u0301wiadczenie-zal-2-do-regulaminu.pdf\">Os\u0301wiadczenie za\u0142 2 do regulaminu<\/a><a href=\"https:\/\/www.noc-nietoperzy.pl\/wp-content\/uploads\/2021\/08\/Os\u0301wiadczenie-zal-2-do-regulaminu.pdf\" class=\"wp-block-file__button\" download>Pobierz<\/a><\/div>\n\n\n\n<div class=\"wp-block-file\"><a href=\"https:\/\/www.noc-nietoperzy.pl\/wp-content\/uploads\/2021\/08\/Umowa_konkurs-plastyczny-zalacznik-3.pdf\" target=\"_blank\" rel=\"noreferrer noopener\">Umowa_konkurs plastyczny zalacznik 3<\/a><a href=\"https:\/\/www.noc-nietoperzy.pl\/wp-content\/uploads\/2021\/08\/Umowa_konkurs-plastyczny-zalacznik-3.pdf\" class=\"wp-block-file__button\" download>Pobierz<\/a><\/div>\n\n\n\n<figure class=\"wp-block-image size-large\"><img loading=\"lazy\" decoding=\"async\" width=\"711\" height=\"1024\" src=\"https:\/\/www.noc-nietoperzy.pl\/wp-content\/uploads\/2021\/09\/NoPlakat-711x1024.png\" alt=\"\" class=\"wp-image-453\" srcset=\"https:\/\/www.noc-nietoperzy.pl\/wp-content\/uploads\/2021\/09\/NoPlakat-711x1024.png 711w, https:\/\/www.noc-nietoperzy.pl\/wp-content\/uploads\/2021\/09\/NoPlakat-208x300.png 208w, https:\/\/www.noc-nietoperzy.pl\/wp-content\/uploads\/2021\/09\/NoPlakat-768x1106.png 768w, https:\/\/www.noc-nietoperzy.pl\/wp-content\/uploads\/2021\/09\/NoPlakat-1066x1536.png 1066w, https:\/\/www.noc-nietoperzy.pl\/wp-content\/uploads\/2021\/09\/NoPlakat-1422x2048.png 1422w\" sizes=\"auto, (max-width: 711px) 100vw, 711px\" \/><\/figure>\n","protected":false},"excerpt":{"rendered":"<p>XVIII Podkarpacka Noc Nietoperzy odb\u0119dzie si\u0119 1 pa\u017adziernika 2021 r. i organizowana jest tradycyjnie przez szereg instytucji w tym, przez Podkarpacki Oddzia\u0142 Stowarzyszenia Wsp\u00f3\u0142pracy Polska \u2013 Wsch\u00f3d, Regionaln\u0105 Dyrekcj\u0119 Las\u00f3w Pa\u0144stwowych w Kro\u015bnie, Nadle\u015bnictwo Ko\u0142aczyce, Gmin\u0119 Korczyna, Zesp\u00f3\u0142 Karpackich Park\u00f3w Krajobrazowych w Kro\u015bnie, GOK w Korczynie, Centrum Informacji Chiropterologicznej ISEZ PAN w Krakowie. XVIII Noc&hellip;&nbsp;<a href=\"https:\/\/www.noc-nietoperzy.pl\/?page_id=403\" rel=\"bookmark\">Dowiedz si\u0119 wi\u0119cej &raquo;<span class=\"screen-reader-text\">XVIII Podkarpacka Noc Nietoperzy<\/span><\/a><\/p>\n","protected":false},"author":1,"featured_media":452,"parent":0,"menu_order":0,"comment_status":"closed","ping_status":"closed","template":"","meta":{"neve_meta_sidebar":"","neve_meta_container":"","neve_meta_enable_content_width":"","neve_meta_content_width":0,"neve_meta_title_alignment":"","neve_meta_author_avatar":"","neve_post_elements_order":"","neve_meta_disable_header":"","neve_meta_disable_footer":"","neve_meta_disable_title":"","footnotes":""},"class_list":["post-403","page","type-page","status-publish","has-post-thumbnail","hentry"],"_links":{"self":[{"href":"https:\/\/www.noc-nietoperzy.pl\/index.php?rest_route=\/wp\/v2\/pages\/403","targetHints":{"allow":["GET"]}}],"collection":[{"href":"https:\/\/www.noc-nietoperzy.pl\/index.php?rest_route=\/wp\/v2\/pages"}],"about":[{"href":"https:\/\/www.noc-nietoperzy.pl\/index.php?rest_route=\/wp\/v2\/types\/page"}],"author":[{"embeddable":true,"href":"https:\/\/www.noc-nietoperzy.pl\/index.php?rest_route=\/wp\/v2\/users\/1"}],"replies":[{"embeddable":true,"href":"https:\/\/www.noc-nietoperzy.pl\/index.php?rest_route=%2Fwp%2Fv2%2Fcomments&post=403"}],"version-history":[{"count":5,"href":"https:\/\/www.noc-nietoperzy.pl\/index.php?rest_route=\/wp\/v2\/pages\/403\/revisions"}],"predecessor-version":[{"id":558,"href":"https:\/\/www.noc-nietoperzy.pl\/index.php?rest_route=\/wp\/v2\/pages\/403\/revisions\/558"}],"wp:featuredmedia":[{"embeddable":true,"href":"https:\/\/www.noc-nietoperzy.pl\/index.php?rest_route=\/wp\/v2\/media\/452"}],"wp:attachment":[{"href":"https:\/\/www.noc-nietoperzy.pl\/index.php?rest_route=%2Fwp%2Fv2%2Fmedia&parent=403"}],"curies":[{"name":"wp","href":"https:\/\/api.w.org\/{rel}","templated":true}]}}